{"version":"1.0","provider_name":"CFCD: Comharchumann Forbartha Chorca Dhuibhne","provider_url":"https:\/\/www.cfcd.ie\/ga\/","title":"\u00c1r bhFoireann - CFCD: Comharchumann Forbartha Chorca Dhuibhne","type":"rich","width":600,"height":338,"html":"<blockquote class=\"wp-embedded-content\" data-secret=\"eAd7MVviFC\"><a href=\"https:\/\/www.cfcd.ie\/ga\/our-team\/\">\u00c1r bhFoireann<\/a><\/blockquote><iframe sandbox=\"allow-scripts\" security=\"restricted\" src=\"https:\/\/www.cfcd.ie\/ga\/our-team\/embed\/#?secret=eAd7MVviFC\" width=\"600\" height=\"338\" title=\"&#8220;\u00c1r bhFoireann&#8221; &#8212; CFCD: Comharchumann Forbartha Chorca Dhuibhne\" data-secret=\"eAd7MVviFC\" frameborder=\"0\" marginwidth=\"0\" marginheight=\"0\" scrolling=\"no\" class=\"wp-embedded-content\"><\/iframe><script>\n\/*! This file is auto-generated *\/\n!function(d,l){\"use strict\";l.querySelector&&d.addEventListener&&\"undefined\"!=typeof URL&&(d.wp=d.wp||{},d.wp.receiveEmbedMessage||(d.wp.receiveEmbedMessage=function(e){var t=e.data;if((t||t.secret||t.message||t.value)&&!\/[^a-zA-Z0-9]\/.test(t.secret)){for(var s,r,n,a=l.querySelectorAll('iframe[data-secret=\"'+t.secret+'\"]'),o=l.querySelectorAll('blockquote[data-secret=\"'+t.secret+'\"]'),c=new RegExp(\"^https?:$\",\"i\"),i=0;i<o.length;i++)o[i].style.display=\"none\";for(i=0;i<a.length;i++)s=a[i],e.source===s.contentWindow&&(s.removeAttribute(\"style\"),\"height\"===t.message?(1e3<(r=parseInt(t.value,10))?r=1e3:~~r<200&&(r=200),s.height=r):\"link\"===t.message&&(r=new URL(s.getAttribute(\"src\")),n=new URL(t.value),c.test(n.protocol))&&n.host===r.host&&l.activeElement===s&&(d.top.location.href=t.value))}},d.addEventListener(\"message\",d.wp.receiveEmbedMessage,!1),l.addEventListener(\"DOMContentLoaded\",function(){for(var e,t,s=l.querySelectorAll(\"iframe.wp-embedded-content\"),r=0;r<s.length;r++)(t=(e=s[r]).getAttribute(\"data-secret\"))||(t=Math.random().toString(36).substring(2,12),e.src+=\"#?secret=\"+t,e.setAttribute(\"data-secret\",t)),e.contentWindow.postMessage({message:\"ready\",secret:t},\"*\")},!1)))}(window,document);\n\/\/# sourceURL=https:\/\/www.cfcd.ie\/wp-includes\/js\/wp-embed.min.js\n<\/script>\n","thumbnail_url":"https:\/\/www.cfcd.ie\/wp-content\/uploads\/2024\/01\/cfcd-banner.jpg","thumbnail_width":1400,"thumbnail_height":557,"description":"\u00c1r bhfoireann Coiste CFCD inn Baill an Choiste 2025 Miche\u00e1l \u00d3 Cinn\u00e9ide Cathaoirleach Br\u00edd N\u00ed L\u00faing R\u00fana\u00ed Tom\u00e1sMac Gearailt Oifigeach Caidrimh Phoibl\u00ed Padraig Firt\u00e9ar Br\u00edd Pat U\u00ed Mhuircheartaigh Breand\u00e1n Mac Gearailt Seosamh \u00d3 Conch\u00fair Seanach\u00e1n Mac Gearailt Liam \u00d3 N\u00e9ill Foireann Chomharchumann Forbartha Chorca Dhuibhne \/ Col\u00e1ist\u00ed Chorca Dhuibhne \/ Oidhreacht Chorca Dhuibhne \/ Tobar ... Read more"}