{"id":36027,"date":"2022-06-11T22:39:10","date_gmt":"2022-06-11T22:39:10","guid":{"rendered":"https:\/\/www.cfcd.ie\/our-team\/"},"modified":"2025-11-26T14:25:31","modified_gmt":"2025-11-26T14:25:31","slug":"our-team","status":"publish","type":"page","link":"https:\/\/www.cfcd.ie\/ga\/our-team\/","title":{"rendered":"\u00c1r bhFoireann"},"content":{"rendered":"<section class=\"gb-container gb-container-87d865e2\">\n\n<h2 class=\"gb-headline gb-headline-33dd77a4\"><span class=\"gb-icon\"><svg xmlns=\"http:\/\/www.w3.org\/2000\/svg\" aria-hidden=\"true\" role=\"img\" height=\"1em\" width=\"1em\" viewBox=\"0 0 256 512\"><path fill=\"currentColor\" d=\"M224.3 273l-136 136c-9.4 9.4-24.6 9.4-33.9 0l-22.6-22.6c-9.4-9.4-9.4-24.6 0-33.9l96.4-96.4-96.4-96.4c-9.4-9.4-9.4-24.6 0-33.9L54.3 103c9.4-9.4 24.6-9.4 33.9 0l136 136c9.5 9.4 9.5 24.6.1 34z\"><\/path><\/svg><\/span><span class=\"gb-headline-text\">\u00c1r bhfoireann<\/span><\/h2>\n\n\n\n<h2 class=\"gb-headline gb-headline-f22a5383 gb-headline-text\">Coiste <strong><strong>C<\/strong><\/strong>FCD <\/h2>\n\n\n\n<p>inn<\/p>\n\n\n\n<h3 class=\"gb-headline gb-headline-37f43645 gb-headline-text\"><strong><strong>Baill an Choiste 202<\/strong><\/strong>5<\/h3>\n\n\n\n<p>Miche\u00e1l \u00d3 Cinn\u00e9ide <strong>Cathaoirleach<\/strong><\/p>\n\n\n\n<p>Br\u00edd N\u00ed L\u00faing <strong>R\u00fana\u00ed<\/strong><\/p>\n\n\n\n<p>Tom\u00e1sMac Gearailt <strong>Oifigeach Caidrimh Phoibl\u00ed<\/strong><\/p>\n\n\n\n<p>Padraig Firt\u00e9ar<\/p>\n\n\n\n<p>Br\u00edd Pat U\u00ed Mhuircheartaigh<\/p>\n\n\n\n<p>Breand\u00e1n Mac Gearailt<\/p>\n\n\n\n<p>Seosamh \u00d3 Conch\u00fair<\/p>\n\n\n\n<p>Seanach\u00e1n Mac Gearailt<\/p>\n\n\n\n<p>Liam \u00d3 N\u00e9ill<\/p>\n\n\n<div class=\"gb-grid-wrapper gb-grid-wrapper-3c1af05a visually-hidden\">\n<div class=\"gb-grid-column gb-grid-column-02700975\"><div class=\"gb-container gb-container-02700975\">\n\n<figure class=\"gb-block-image gb-block-image-6fd88d1d\"><img decoding=\"async\" class=\"gb-image gb-image-6fd88d1d\" src=\"https:\/\/library.generateblocks.com\/wp-content\/uploads\/2020\/07\/test-7.jpg\" alt=\"\"\/><\/figure>\n\n\n\n<h3 class=\"gb-headline gb-headline-f42a23eb gb-headline-text\">Teideal<\/h3>\n\n\n\n<p class=\"gb-headline gb-headline-b3b0bfae gb-headline-text\"><em>Post<\/em><\/p>\n\n\n<div class=\"gb-container gb-container-ac196921\">\n\n<a class=\"gb-button gb-button-6b9545c1\" href=\"#\"><span class=\"gb-icon\"><svg xmlns=\"http:\/\/www.w3.org\/2000\/svg\" aria-hidden=\"true\" role=\"img\" height=\"1em\" width=\"1em\" viewBox=\"0 0 320 512\"><path fill=\"currentColor\" d=\"M279.14 288l14.22-92.66h-88.91v-60.13c0-25.35 12.42-50.06 52.24-50.06h40.42V6.26S260.43 0 225.36 0c-73.22 0-121.08 44.38-121.08 124.72v70.62H22.89V288h81.39v224h100.17V288z\"><\/path><\/svg><\/span><\/a>\n\n\n\n<a class=\"gb-button gb-button-ffbc0e08\" href=\"#\"><span class=\"gb-icon\"><svg xmlns=\"http:\/\/www.w3.org\/2000\/svg\" aria-hidden=\"true\" role=\"img\" height=\"1em\" width=\"1em\" viewBox=\"0 0 512 512\"><path fill=\"currentColor\" d=\"M459.37 151.716c.325 4.548.325 9.097.325 13.645 0 138.72-105.583 298.558-298.558 298.558-59.452 0-114.68-17.219-161.137-47.106 8.447.974 16.568 1.299 25.34 1.299 49.055 0 94.213-16.568 130.274-44.832-46.132-.975-84.792-31.188-98.112-72.772 6.498.974 12.995 1.624 19.818 1.624 9.421 0 18.843-1.3 27.614-3.573-48.081-9.747-84.143-51.98-84.143-102.985v-1.299c13.969 7.797 30.214 12.67 47.431 13.319-28.264-18.843-46.781-51.005-46.781-87.391 0-19.492 5.197-37.36 14.294-52.954 51.655 63.675 129.3 105.258 216.365 109.807-1.624-7.797-2.599-15.918-2.599-24.04 0-57.828 46.782-104.934 104.934-104.934 30.213 0 57.502 12.67 76.67 33.137 23.715-4.548 46.456-13.32 66.599-25.34-7.798 24.366-24.366 44.833-46.132 57.827 21.117-2.273 41.584-8.122 60.426-16.243-14.292 20.791-32.161 39.308-52.628 54.253z\"><\/path><\/svg><\/span><\/a>\n\n\n\n<a class=\"gb-button gb-button-2e43e297\" href=\"#\"><span class=\"gb-icon\"><svg xmlns=\"http:\/\/www.w3.org\/2000\/svg\" aria-hidden=\"true\" role=\"img\" height=\"1em\" width=\"1em\" viewBox=\"0 0 448 512\"><path fill=\"currentColor\" d=\"M100.28 448H7.4V148.9h92.88zM53.79 108.1C24.09 108.1 0 83.5 0 53.8a53.79 53.79 0 0 1 107.58 0c0 29.7-24.1 54.3-53.79 54.3zM447.9 448h-92.68V302.4c0-34.7-.7-79.2-48.29-79.2-48.29 0-55.69 37.7-55.69 76.7V448h-92.78V148.9h89.08v40.8h1.3c12.4-23.5 42.69-48.3 87.88-48.3 94 0 111.28 61.9 111.28 142.3V448z\"><\/path><\/svg><\/span><\/a>\n\n<\/div>\n<\/div><\/div>\n\n<div class=\"gb-grid-column gb-grid-column-e56e4de1\"><div class=\"gb-container gb-container-e56e4de1\">\n\n<figure class=\"gb-block-image gb-block-image-da2f315f\"><img decoding=\"async\" class=\"gb-image gb-image-da2f315f\" src=\"https:\/\/library.generateblocks.com\/wp-content\/uploads\/2020\/07\/test-6.jpg\" alt=\"\"\/><\/figure>\n\n\n\n<h3 class=\"gb-headline gb-headline-85a87b27 gb-headline-text\">Teideal<\/h3>\n\n\n\n<p class=\"gb-headline gb-headline-5a25fdba gb-headline-text\"><em>Post<\/em><\/p>\n\n\n<div class=\"gb-container gb-container-d03dfdf7\">\n\n<a class=\"gb-button gb-button-bc1ca8ad\" href=\"#\"><span class=\"gb-icon\"><svg xmlns=\"http:\/\/www.w3.org\/2000\/svg\" aria-hidden=\"true\" role=\"img\" height=\"1em\" width=\"1em\" viewBox=\"0 0 320 512\"><path fill=\"currentColor\" d=\"M279.14 288l14.22-92.66h-88.91v-60.13c0-25.35 12.42-50.06 52.24-50.06h40.42V6.26S260.43 0 225.36 0c-73.22 0-121.08 44.38-121.08 124.72v70.62H22.89V288h81.39v224h100.17V288z\"><\/path><\/svg><\/span><\/a>\n\n\n\n<a class=\"gb-button gb-button-60638c53\" href=\"#\"><span class=\"gb-icon\"><svg xmlns=\"http:\/\/www.w3.org\/2000\/svg\" aria-hidden=\"true\" role=\"img\" height=\"1em\" width=\"1em\" viewBox=\"0 0 512 512\"><path fill=\"currentColor\" d=\"M459.37 151.716c.325 4.548.325 9.097.325 13.645 0 138.72-105.583 298.558-298.558 298.558-59.452 0-114.68-17.219-161.137-47.106 8.447.974 16.568 1.299 25.34 1.299 49.055 0 94.213-16.568 130.274-44.832-46.132-.975-84.792-31.188-98.112-72.772 6.498.974 12.995 1.624 19.818 1.624 9.421 0 18.843-1.3 27.614-3.573-48.081-9.747-84.143-51.98-84.143-102.985v-1.299c13.969 7.797 30.214 12.67 47.431 13.319-28.264-18.843-46.781-51.005-46.781-87.391 0-19.492 5.197-37.36 14.294-52.954 51.655 63.675 129.3 105.258 216.365 109.807-1.624-7.797-2.599-15.918-2.599-24.04 0-57.828 46.782-104.934 104.934-104.934 30.213 0 57.502 12.67 76.67 33.137 23.715-4.548 46.456-13.32 66.599-25.34-7.798 24.366-24.366 44.833-46.132 57.827 21.117-2.273 41.584-8.122 60.426-16.243-14.292 20.791-32.161 39.308-52.628 54.253z\"><\/path><\/svg><\/span><\/a>\n\n\n\n<a class=\"gb-button gb-button-8a975134\" href=\"#\"><span class=\"gb-icon\"><svg xmlns=\"http:\/\/www.w3.org\/2000\/svg\" aria-hidden=\"true\" role=\"img\" height=\"1em\" width=\"1em\" viewBox=\"0 0 448 512\"><path fill=\"currentColor\" d=\"M100.28 448H7.4V148.9h92.88zM53.79 108.1C24.09 108.1 0 83.5 0 53.8a53.79 53.79 0 0 1 107.58 0c0 29.7-24.1 54.3-53.79 54.3zM447.9 448h-92.68V302.4c0-34.7-.7-79.2-48.29-79.2-48.29 0-55.69 37.7-55.69 76.7V448h-92.78V148.9h89.08v40.8h1.3c12.4-23.5 42.69-48.3 87.88-48.3 94 0 111.28 61.9 111.28 142.3V448z\"><\/path><\/svg><\/span><\/a>\n\n<\/div>\n<\/div><\/div>\n\n<div class=\"gb-grid-column gb-grid-column-7fd9f6cd\"><div class=\"gb-container gb-container-7fd9f6cd\">\n\n<figure class=\"gb-block-image gb-block-image-3f717a46\"><img decoding=\"async\" class=\"gb-image gb-image-3f717a46\" src=\"https:\/\/library.generateblocks.com\/wp-content\/uploads\/2020\/07\/test-7.jpg\" alt=\"\"\/><\/figure>\n\n\n\n<h3 class=\"gb-headline gb-headline-bdf3e874 gb-headline-text\">Teideal<\/h3>\n\n\n\n<p class=\"gb-headline gb-headline-d284f32a gb-headline-text\"><em>Post<\/em><\/p>\n\n\n<div class=\"gb-container gb-container-bf98056b\">\n\n<a class=\"gb-button gb-button-65b01dca\" href=\"#\"><span class=\"gb-icon\"><svg xmlns=\"http:\/\/www.w3.org\/2000\/svg\" aria-hidden=\"true\" role=\"img\" height=\"1em\" width=\"1em\" viewBox=\"0 0 320 512\"><path fill=\"currentColor\" d=\"M279.14 288l14.22-92.66h-88.91v-60.13c0-25.35 12.42-50.06 52.24-50.06h40.42V6.26S260.43 0 225.36 0c-73.22 0-121.08 44.38-121.08 124.72v70.62H22.89V288h81.39v224h100.17V288z\"><\/path><\/svg><\/span><\/a>\n\n\n\n<a class=\"gb-button gb-button-c6ad9363\" href=\"#\"><span class=\"gb-icon\"><svg xmlns=\"http:\/\/www.w3.org\/2000\/svg\" aria-hidden=\"true\" role=\"img\" height=\"1em\" width=\"1em\" viewBox=\"0 0 512 512\"><path fill=\"currentColor\" d=\"M459.37 151.716c.325 4.548.325 9.097.325 13.645 0 138.72-105.583 298.558-298.558 298.558-59.452 0-114.68-17.219-161.137-47.106 8.447.974 16.568 1.299 25.34 1.299 49.055 0 94.213-16.568 130.274-44.832-46.132-.975-84.792-31.188-98.112-72.772 6.498.974 12.995 1.624 19.818 1.624 9.421 0 18.843-1.3 27.614-3.573-48.081-9.747-84.143-51.98-84.143-102.985v-1.299c13.969 7.797 30.214 12.67 47.431 13.319-28.264-18.843-46.781-51.005-46.781-87.391 0-19.492 5.197-37.36 14.294-52.954 51.655 63.675 129.3 105.258 216.365 109.807-1.624-7.797-2.599-15.918-2.599-24.04 0-57.828 46.782-104.934 104.934-104.934 30.213 0 57.502 12.67 76.67 33.137 23.715-4.548 46.456-13.32 66.599-25.34-7.798 24.366-24.366 44.833-46.132 57.827 21.117-2.273 41.584-8.122 60.426-16.243-14.292 20.791-32.161 39.308-52.628 54.253z\"><\/path><\/svg><\/span><\/a>\n\n\n\n<a class=\"gb-button gb-button-79a20b1d\" href=\"#\"><span class=\"gb-icon\"><svg xmlns=\"http:\/\/www.w3.org\/2000\/svg\" aria-hidden=\"true\" role=\"img\" height=\"1em\" width=\"1em\" viewBox=\"0 0 448 512\"><path fill=\"currentColor\" d=\"M100.28 448H7.4V148.9h92.88zM53.79 108.1C24.09 108.1 0 83.5 0 53.8a53.79 53.79 0 0 1 107.58 0c0 29.7-24.1 54.3-53.79 54.3zM447.9 448h-92.68V302.4c0-34.7-.7-79.2-48.29-79.2-48.29 0-55.69 37.7-55.69 76.7V448h-92.78V148.9h89.08v40.8h1.3c12.4-23.5 42.69-48.3 87.88-48.3 94 0 111.28 61.9 111.28 142.3V448z\"><\/path><\/svg><\/span><\/a>\n\n<\/div>\n<\/div><\/div>\n<\/div>\n<\/section>\n\n<section class=\"gb-container gb-container-9f1bba67\">\n\n<h2 class=\"gb-headline gb-headline-79c38ad9 gb-headline-text\">Foireann <strong><strong><strong>Chomharchumann Forbartha Chorca Dhuibhne \/ Col\u00e1ist\u00ed Chorca Dhuibhne \/ Oidhreacht Chorca Dhuibhne \/ Tobar Dhuibhne \/ Skillnet \/ SOLAS<\/strong><\/strong><\/strong><\/h2>\n\n\n\n<div class=\"wp-block-group\"><div class=\"wp-block-group__inner-container is-layout-constrained wp-block-group-is-layout-constrained\">\n<div class=\"wp-block-group\"><div class=\"wp-block-group__inner-container is-layout-constrained wp-block-group-is-layout-constrained\">\n<div class=\"wp-block-group\"><div class=\"wp-block-group__inner-container is-layout-constrained wp-block-group-is-layout-constrained\">\n<div class=\"wp-block-group\"><div class=\"wp-block-group__inner-container is-layout-constrained wp-block-group-is-layout-constrained\">\n<p>P\u00e1id\u00ed \u00d3 S\u00e9 &#8211; Bainisteoir CFCD<br>Ciara N\u00ed Ghairbh\u00ed &#8211; Bainisteoir C\u00fanta &#8211; Col\u00e1ist\u00ed Chorca Dhuibhne <br>Bernie U\u00ed Chonch\u00fair &#8211; Feidhmeannach Airgeadais<br>Treasa N\u00ed Mhain\u00edn &#8211; Riarth\u00f3ir Oidhreacht Chorca Dhuibhne<br>Orlaith Ruis\u00e9al &#8211; Sti\u00farth\u00f3ir \u2018T\u00fas Maith\u2019<br>Caitr\u00edona N\u00ed Dhubh\u00e1in &#8211; Caomhn\u00f3ir Mh\u00fasaem Chorca Dhuibhne<br>M\u00e1ire B\u00fadhlaeir &#8211; Feidhmeannach na gC\u00farsa\u00ed Gaeilge \u2013 Col\u00e1ist\u00ed Chorca Dhuibhne<br>Gillian N\u00ed Bhriain &#8211; Oifigeach L\u00f3ist\u00edn &amp; Marga\u00edochta \u2013 Col\u00e1ist\u00ed Chorca Dhuibhne<br>Ruth U\u00ed \u00d3g\u00e1in &#8211; Oifigeach Cumars\u00e1ide &amp; Riarach\u00e1in \u2013 CFCD<br>Joe Bric &#8211; Maoirseoir Sc\u00e9imeanna Oili\u00fana Pobail SOLAS<br>Seosamh \u00d3 Maoileoin &#8211; Oibr\u00ed Cothabh\u00e1la<br>Miche\u00e1l \u00d3 Main\u00edn &#8211; Bainisteoir Sp\u00f3rt Uisce \u2013 Col\u00e1ist\u00ed Chorca Dhuibhne<br>Barry \u00d3 Siochr\u00fa &#8211; Oifigeach Plean\u00e1la Teanga Tobar Dhuibhne<\/p>\n\n\n\n<p>\u00c9imh\u00edn N\u00ed Shlattara &#8211; Oifigeach Plean\u00e1la Teanga &#8211; Tobar Dhuibhne<br>Katie N\u00ed Ch\u00e9ir\u00edn &#8211; Bainisteoir Skillnet<br>Br\u00edd N\u00ed Luasa &#8211; Comhordaitheoir Skillnet<\/p>\n\n\n\n<p>Jaic \u00d3 Grif\u00edn &#8211; Riarth\u00f3ir Oifige<\/p>\n\n\n\n<p>Gormhfhlaith N\u00ed Sh\u00edoch\u00e1in N\u00ed Bheol\u00e1in &#8211; Feidhmeanach Foilsitheoireachta OCD <\/p>\n<\/div><\/div>\n<\/div><\/div>\n<\/div><\/div>\n<\/div><\/div>\n\n\n\n<p><\/p>\n\n<\/section>","protected":false},"excerpt":{"rendered":"<p>\u00c1r bhfoireann Coiste CFCD inn Baill an Choiste 2025 Miche\u00e1l \u00d3 Cinn\u00e9ide Cathaoirleach Br\u00edd N\u00ed L\u00faing R\u00fana\u00ed Tom\u00e1sMac Gearailt Oifigeach Caidrimh Phoibl\u00ed Padraig Firt\u00e9ar Br\u00edd Pat U\u00ed Mhuircheartaigh Breand\u00e1n Mac Gearailt Seosamh \u00d3 Conch\u00fair Seanach\u00e1n Mac Gearailt Liam \u00d3 N\u00e9ill Foireann Chomharchumann Forbartha Chorca Dhuibhne \/ Col\u00e1ist\u00ed Chorca Dhuibhne \/ Oidhreacht Chorca Dhuibhne \/ Tobar &#8230; <a title=\"\u00c1r bhFoireann\" class=\"read-more\" href=\"https:\/\/www.cfcd.ie\/ga\/our-team\/\" aria-label=\"Read more about \u00c1r bhFoireann\">Read more<\/a><\/p>\n","protected":false},"author":2,"featured_media":35968,"parent":0,"menu_order":0,"comment_status":"closed","ping_status":"closed","template":"","meta":{"_acf_changed":false,"footnotes":""},"class_list":["post-36027","page","type-page","status-publish","has-post-thumbnail"],"acf":[],"yoast_head":"<!-- This site is optimized with the Yoast SEO plugin v27.5 - https:\/\/yoast.com\/product\/yoast-seo-wordpress\/ -->\n<title>\u00c1r bhFoireann - CFCD: Comharchumann Forbartha Chorca Dhuibhne<\/title>\n<meta name=\"robots\" content=\"index, follow, max-snippet:-1, max-image-preview:large, max-video-preview:-1\" \/>\n<link rel=\"canonical\" href=\"https:\/\/www.cfcd.ie\/ga\/our-team\/\" \/>\n<meta property=\"og:locale\" content=\"ga_IE\" \/>\n<meta property=\"og:type\" content=\"article\" \/>\n<meta property=\"og:title\" content=\"\u00c1r bhFoireann - CFCD: Comharchumann Forbartha Chorca Dhuibhne\" \/>\n<meta property=\"og:description\" content=\"\u00c1r bhfoireann Coiste CFCD inn Baill an Choiste 2025 Miche\u00e1l \u00d3 Cinn\u00e9ide Cathaoirleach Br\u00edd N\u00ed L\u00faing R\u00fana\u00ed Tom\u00e1sMac Gearailt Oifigeach Caidrimh Phoibl\u00ed Padraig Firt\u00e9ar Br\u00edd Pat U\u00ed Mhuircheartaigh Breand\u00e1n Mac Gearailt Seosamh \u00d3 Conch\u00fair Seanach\u00e1n Mac Gearailt Liam \u00d3 N\u00e9ill Foireann Chomharchumann Forbartha Chorca Dhuibhne \/ Col\u00e1ist\u00ed Chorca Dhuibhne \/ Oidhreacht Chorca Dhuibhne \/ Tobar ... Read more\" \/>\n<meta property=\"og:url\" content=\"https:\/\/www.cfcd.ie\/ga\/our-team\/\" \/>\n<meta property=\"og:site_name\" content=\"CFCD: Comharchumann Forbartha Chorca Dhuibhne\" \/>\n<meta property=\"article:modified_time\" content=\"2025-11-26T14:25:31+00:00\" \/>\n<meta property=\"og:image\" content=\"https:\/\/www.cfcd.ie\/wp-content\/uploads\/2024\/01\/cfcd-banner.jpg\" \/>\n\t<meta property=\"og:image:width\" content=\"1400\" \/>\n\t<meta property=\"og:image:height\" content=\"557\" \/>\n\t<meta property=\"og:image:type\" content=\"image\/jpeg\" \/>\n<meta name=\"twitter:card\" content=\"summary_large_image\" \/>\n<meta name=\"twitter:label1\" content=\"Est. reading time\" \/>\n\t<meta name=\"twitter:data1\" content=\"2 minutes\" \/>\n<script type=\"application\/ld+json\" class=\"yoast-schema-graph\">{\"@context\":\"https:\\\/\\\/schema.org\",\"@graph\":[{\"@type\":\"WebPage\",\"@id\":\"https:\\\/\\\/www.cfcd.ie\\\/ga\\\/our-team\\\/\",\"url\":\"https:\\\/\\\/www.cfcd.ie\\\/ga\\\/our-team\\\/\",\"name\":\"\u00c1r bhFoireann - CFCD: Comharchumann Forbartha Chorca Dhuibhne\",\"isPartOf\":{\"@id\":\"https:\\\/\\\/www.cfcd.ie\\\/ga\\\/#website\"},\"primaryImageOfPage\":{\"@id\":\"https:\\\/\\\/www.cfcd.ie\\\/ga\\\/our-team\\\/#primaryimage\"},\"image\":{\"@id\":\"https:\\\/\\\/www.cfcd.ie\\\/ga\\\/our-team\\\/#primaryimage\"},\"thumbnailUrl\":\"https:\\\/\\\/www.cfcd.ie\\\/wp-content\\\/uploads\\\/2024\\\/01\\\/cfcd-banner.jpg\",\"datePublished\":\"2022-06-11T22:39:10+00:00\",\"dateModified\":\"2025-11-26T14:25:31+00:00\",\"breadcrumb\":{\"@id\":\"https:\\\/\\\/www.cfcd.ie\\\/ga\\\/our-team\\\/#breadcrumb\"},\"inLanguage\":\"ga-IE\",\"potentialAction\":[{\"@type\":\"ReadAction\",\"target\":[\"https:\\\/\\\/www.cfcd.ie\\\/ga\\\/our-team\\\/\"]}]},{\"@type\":\"ImageObject\",\"inLanguage\":\"ga-IE\",\"@id\":\"https:\\\/\\\/www.cfcd.ie\\\/ga\\\/our-team\\\/#primaryimage\",\"url\":\"https:\\\/\\\/www.cfcd.ie\\\/wp-content\\\/uploads\\\/2024\\\/01\\\/cfcd-banner.jpg\",\"contentUrl\":\"https:\\\/\\\/www.cfcd.ie\\\/wp-content\\\/uploads\\\/2024\\\/01\\\/cfcd-banner.jpg\",\"width\":1400,\"height\":557},{\"@type\":\"BreadcrumbList\",\"@id\":\"https:\\\/\\\/www.cfcd.ie\\\/ga\\\/our-team\\\/#breadcrumb\",\"itemListElement\":[{\"@type\":\"ListItem\",\"position\":1,\"name\":\"Home\",\"item\":\"https:\\\/\\\/www.cfcd.ie\\\/ga\\\/\"},{\"@type\":\"ListItem\",\"position\":2,\"name\":\"\u00c1r bhFoireann\"}]},{\"@type\":\"WebSite\",\"@id\":\"https:\\\/\\\/www.cfcd.ie\\\/ga\\\/#website\",\"url\":\"https:\\\/\\\/www.cfcd.ie\\\/ga\\\/\",\"name\":\"CFCD: Comharchumann Forbartha Chorca Dhuibhne\",\"description\":\"Serving the Gaeltacht community on the Corca Dhuibhne Peninsula\",\"publisher\":{\"@id\":\"https:\\\/\\\/www.cfcd.ie\\\/ga\\\/#organization\"},\"potentialAction\":[{\"@type\":\"SearchAction\",\"target\":{\"@type\":\"EntryPoint\",\"urlTemplate\":\"https:\\\/\\\/www.cfcd.ie\\\/ga\\\/?s={search_term_string}\"},\"query-input\":{\"@type\":\"PropertyValueSpecification\",\"valueRequired\":true,\"valueName\":\"search_term_string\"}}],\"inLanguage\":\"ga-IE\"},{\"@type\":\"Organization\",\"@id\":\"https:\\\/\\\/www.cfcd.ie\\\/ga\\\/#organization\",\"name\":\"CFCD: Comharchumann Forbartha Chorca Dhuibhne\",\"url\":\"https:\\\/\\\/www.cfcd.ie\\\/ga\\\/\",\"logo\":{\"@type\":\"ImageObject\",\"inLanguage\":\"ga-IE\",\"@id\":\"https:\\\/\\\/www.cfcd.ie\\\/ga\\\/#\\\/schema\\\/logo\\\/image\\\/\",\"url\":\"https:\\\/\\\/www.cfcd.ie\\\/wp-content\\\/uploads\\\/2024\\\/01\\\/cfcd-logo.png\",\"contentUrl\":\"https:\\\/\\\/www.cfcd.ie\\\/wp-content\\\/uploads\\\/2024\\\/01\\\/cfcd-logo.png\",\"width\":600,\"height\":211,\"caption\":\"CFCD: Comharchumann Forbartha Chorca Dhuibhne\"},\"image\":{\"@id\":\"https:\\\/\\\/www.cfcd.ie\\\/ga\\\/#\\\/schema\\\/logo\\\/image\\\/\"}}]}<\/script>\n<!-- \/ Yoast SEO plugin. -->","yoast_head_json":{"title":"\u00c1r bhFoireann - CFCD: Comharchumann Forbartha Chorca Dhuibhne","robots":{"index":"index","follow":"follow","max-snippet":"max-snippet:-1","max-image-preview":"max-image-preview:large","max-video-preview":"max-video-preview:-1"},"canonical":"https:\/\/www.cfcd.ie\/ga\/our-team\/","og_locale":"ga_IE","og_type":"article","og_title":"\u00c1r bhFoireann - CFCD: Comharchumann Forbartha Chorca Dhuibhne","og_description":"\u00c1r bhfoireann Coiste CFCD inn Baill an Choiste 2025 Miche\u00e1l \u00d3 Cinn\u00e9ide Cathaoirleach Br\u00edd N\u00ed L\u00faing R\u00fana\u00ed Tom\u00e1sMac Gearailt Oifigeach Caidrimh Phoibl\u00ed Padraig Firt\u00e9ar Br\u00edd Pat U\u00ed Mhuircheartaigh Breand\u00e1n Mac Gearailt Seosamh \u00d3 Conch\u00fair Seanach\u00e1n Mac Gearailt Liam \u00d3 N\u00e9ill Foireann Chomharchumann Forbartha Chorca Dhuibhne \/ Col\u00e1ist\u00ed Chorca Dhuibhne \/ Oidhreacht Chorca Dhuibhne \/ Tobar ... Read more","og_url":"https:\/\/www.cfcd.ie\/ga\/our-team\/","og_site_name":"CFCD: Comharchumann Forbartha Chorca Dhuibhne","article_modified_time":"2025-11-26T14:25:31+00:00","og_image":[{"width":1400,"height":557,"url":"https:\/\/www.cfcd.ie\/wp-content\/uploads\/2024\/01\/cfcd-banner.jpg","type":"image\/jpeg"}],"twitter_card":"summary_large_image","twitter_misc":{"Est. reading time":"2 minutes"},"schema":{"@context":"https:\/\/schema.org","@graph":[{"@type":"WebPage","@id":"https:\/\/www.cfcd.ie\/ga\/our-team\/","url":"https:\/\/www.cfcd.ie\/ga\/our-team\/","name":"\u00c1r bhFoireann - CFCD: Comharchumann Forbartha Chorca Dhuibhne","isPartOf":{"@id":"https:\/\/www.cfcd.ie\/ga\/#website"},"primaryImageOfPage":{"@id":"https:\/\/www.cfcd.ie\/ga\/our-team\/#primaryimage"},"image":{"@id":"https:\/\/www.cfcd.ie\/ga\/our-team\/#primaryimage"},"thumbnailUrl":"https:\/\/www.cfcd.ie\/wp-content\/uploads\/2024\/01\/cfcd-banner.jpg","datePublished":"2022-06-11T22:39:10+00:00","dateModified":"2025-11-26T14:25:31+00:00","breadcrumb":{"@id":"https:\/\/www.cfcd.ie\/ga\/our-team\/#breadcrumb"},"inLanguage":"ga-IE","potentialAction":[{"@type":"ReadAction","target":["https:\/\/www.cfcd.ie\/ga\/our-team\/"]}]},{"@type":"ImageObject","inLanguage":"ga-IE","@id":"https:\/\/www.cfcd.ie\/ga\/our-team\/#primaryimage","url":"https:\/\/www.cfcd.ie\/wp-content\/uploads\/2024\/01\/cfcd-banner.jpg","contentUrl":"https:\/\/www.cfcd.ie\/wp-content\/uploads\/2024\/01\/cfcd-banner.jpg","width":1400,"height":557},{"@type":"BreadcrumbList","@id":"https:\/\/www.cfcd.ie\/ga\/our-team\/#breadcrumb","itemListElement":[{"@type":"ListItem","position":1,"name":"Home","item":"https:\/\/www.cfcd.ie\/ga\/"},{"@type":"ListItem","position":2,"name":"\u00c1r bhFoireann"}]},{"@type":"WebSite","@id":"https:\/\/www.cfcd.ie\/ga\/#website","url":"https:\/\/www.cfcd.ie\/ga\/","name":"CFCD: Comharchumann Forbartha Chorca Dhuibhne","description":"Serving the Gaeltacht community on the Corca Dhuibhne Peninsula","publisher":{"@id":"https:\/\/www.cfcd.ie\/ga\/#organization"},"potentialAction":[{"@type":"SearchAction","target":{"@type":"EntryPoint","urlTemplate":"https:\/\/www.cfcd.ie\/ga\/?s={search_term_string}"},"query-input":{"@type":"PropertyValueSpecification","valueRequired":true,"valueName":"search_term_string"}}],"inLanguage":"ga-IE"},{"@type":"Organization","@id":"https:\/\/www.cfcd.ie\/ga\/#organization","name":"CFCD: Comharchumann Forbartha Chorca Dhuibhne","url":"https:\/\/www.cfcd.ie\/ga\/","logo":{"@type":"ImageObject","inLanguage":"ga-IE","@id":"https:\/\/www.cfcd.ie\/ga\/#\/schema\/logo\/image\/","url":"https:\/\/www.cfcd.ie\/wp-content\/uploads\/2024\/01\/cfcd-logo.png","contentUrl":"https:\/\/www.cfcd.ie\/wp-content\/uploads\/2024\/01\/cfcd-logo.png","width":600,"height":211,"caption":"CFCD: Comharchumann Forbartha Chorca Dhuibhne"},"image":{"@id":"https:\/\/www.cfcd.ie\/ga\/#\/schema\/logo\/image\/"}}]}},"_links":{"self":[{"href":"https:\/\/www.cfcd.ie\/ga\/wp-json\/wp\/v2\/pages\/36027","targetHints":{"allow":["GET"]}}],"collection":[{"href":"https:\/\/www.cfcd.ie\/ga\/wp-json\/wp\/v2\/pages"}],"about":[{"href":"https:\/\/www.cfcd.ie\/ga\/wp-json\/wp\/v2\/types\/page"}],"author":[{"embeddable":true,"href":"https:\/\/www.cfcd.ie\/ga\/wp-json\/wp\/v2\/users\/2"}],"replies":[{"embeddable":true,"href":"https:\/\/www.cfcd.ie\/ga\/wp-json\/wp\/v2\/comments?post=36027"}],"version-history":[{"count":5,"href":"https:\/\/www.cfcd.ie\/ga\/wp-json\/wp\/v2\/pages\/36027\/revisions"}],"predecessor-version":[{"id":36610,"href":"https:\/\/www.cfcd.ie\/ga\/wp-json\/wp\/v2\/pages\/36027\/revisions\/36610"}],"wp:featuredmedia":[{"embeddable":true,"href":"https:\/\/www.cfcd.ie\/ga\/wp-json\/wp\/v2\/media\/35968"}],"wp:attachment":[{"href":"https:\/\/www.cfcd.ie\/ga\/wp-json\/wp\/v2\/media?parent=36027"}],"curies":[{"name":"wp","href":"https:\/\/api.w.org\/{rel}","templated":true}]}}