{"id":36038,"date":"2024-01-15T09:24:57","date_gmt":"2024-01-15T09:24:57","guid":{"rendered":"https:\/\/www.cfcd.ie\/colaisti-chorca-dhuibne\/"},"modified":"2024-03-25T12:55:38","modified_gmt":"2024-03-25T12:55:38","slug":"colaisti-chorca-dhuibne","status":"publish","type":"page","link":"https:\/\/www.cfcd.ie\/ga\/colaisti-chorca-dhuibne\/","title":{"rendered":"Col\u00e1ist\u00ed Chorca Dhuibne"},"content":{"rendered":"<section class=\"gb-container gb-container-e825e6aa\">\n<div class=\"gb-grid-wrapper gb-grid-wrapper-5f10a85d\">\n<div class=\"gb-grid-column gb-grid-column-74ee1f9f\"><div class=\"gb-container gb-container-74ee1f9f hide-on-mobile\"><\/div><\/div>\n\n<div class=\"gb-grid-column gb-grid-column-0f079b28\"><div class=\"gb-container gb-container-0f079b28\">\n<div class=\"gb-container gb-container-a37de731\"><\/div>\n\n\n<figure class=\"gb-block-image gb-block-image-0ef65290\"><img loading=\"lazy\" decoding=\"async\" width=\"640\" height=\"640\" class=\"gb-image gb-image-0ef65290\" src=\"https:\/\/www.cfcd.ie\/wp-content\/uploads\/2024\/01\/colaiste-image-1.jpg\" alt=\"Col\u00e1ist\u00ed Chorca Dhuibhne\" title=\"Col\u00e1ist\u00ed Chorca Dhuibhne\" srcset=\"https:\/\/www.cfcd.ie\/wp-content\/uploads\/2024\/01\/colaiste-image-1.jpg 640w, https:\/\/www.cfcd.ie\/wp-content\/uploads\/2024\/01\/colaiste-image-1-300x300.jpg 300w, https:\/\/www.cfcd.ie\/wp-content\/uploads\/2024\/01\/colaiste-image-1-150x150.jpg 150w\" sizes=\"auto, (max-width: 640px) 100vw, 640px\" \/><\/figure>\n\n<\/div><\/div>\n\n<div class=\"gb-grid-column gb-grid-column-d78d5a9a\"><div class=\"gb-container gb-container-d78d5a9a\">\n\n<figure class=\"gb-block-image gb-block-image-b5261b96\"><img loading=\"lazy\" decoding=\"async\" width=\"350\" height=\"206\" class=\"gb-image gb-image-b5261b96\" src=\"https:\/\/www.cfcd.ie\/wp-content\/uploads\/2024\/01\/colaiste.png\" alt=\"Col\u00e1ist\u00ed Chorca Dhuibhne\" title=\"Col\u00e1ist\u00ed Chorca Dhuibhne\" srcset=\"https:\/\/www.cfcd.ie\/wp-content\/uploads\/2024\/01\/colaiste.png 350w, https:\/\/www.cfcd.ie\/wp-content\/uploads\/2024\/01\/colaiste-300x177.png 300w\" sizes=\"auto, (max-width: 350px) 100vw, 350px\" \/><\/figure>\n\n\n\n<h2 class=\"gb-headline gb-headline-077e2115\"><span class=\"gb-icon\"><svg xmlns=\"http:\/\/www.w3.org\/2000\/svg\" aria-hidden=\"true\" role=\"img\" height=\"1em\" width=\"1em\" viewbox=\"0 0 256 512\"><path fill=\"currentColor\" d=\"M224.3 273l-136 136c-9.4 9.4-24.6 9.4-33.9 0l-22.6-22.6c-9.4-9.4-9.4-24.6 0-33.9l96.4-96.4-96.4-96.4c-9.4-9.4-9.4-24.6 0-33.9L54.3 103c9.4-9.4 24.6-9.4 33.9 0l136 136c9.5 9.4 9.5 24.6.1 34z\"><\/path><\/svg><\/span><span class=\"gb-headline-text\">Col\u00e1ist\u00ed Chorca Dhuibne<\/span><\/h2>\n\n\n\n<h2 class=\"gb-headline gb-headline-c766be8d gb-headline-text\">C\u00farsa\u00ed Samhraidh Gaeilge<\/h2>\n\n\n\n<p>T\u00e1 Col\u00e1ist\u00ed Chorca Dhuibhne Teo ar an bhf\u00f3d i mBaile an Fheirt\u00e9araigh, Ciarra\u00ed Thiar, le beagnach daichead bliain.  <\/p>\n\n\n\n<p>Is fochuideachta de chuid Chomharchumann Forbartha Chorca Dhuibhne Comharchumann Forbartha Chiarra\u00ed Thiar a buna\u00edodh i 1966 \u00e9.  <\/p>\n\n\n<div class=\"gb-container gb-container-e51b64a3\">\n\n<a class=\"gb-button gb-button-3eb96efb gb-button-text gb-button-primary\" href=\"#more\">Tuilleadh eolais<\/a>\n\n\n\n<a class=\"gb-button gb-button-6a5fdcad gb-button-text gb-button-primary\" href=\"https:\/\/www.colaiste.ie\/\" target=\"_blank\" rel=\"noopener noreferrer\">T\u00e9igh go dt\u00ed an su\u00edomh Gr\u00e9as\u00e1in<\/a>\n\n<\/div>\n<\/div><\/div>\n<\/div>\n<\/section><div class=\"gb-container gb-container-3e0b090d gb-container-outer-light\" id=\"more\">\n<div class=\"gb-container gb-container-3197a8fd gb-container-inner\">\n\n<p>Is comhlacht cobhsa\u00ed airgeadais \u00e9 Col\u00e1ist\u00ed Chorca Dhuibhne at\u00e1 bainistithe go maith agus a ghineann gn\u00edomha\u00edocht eacnama\u00edoch tr\u00ed Ch\u00farsa\u00ed Gaeilge a chur chun cinn.<\/p>\n\n\n\n<p>Leanann Col\u00e1ist\u00ed Chorca Dhuibhne ag feidhmi\u00fa go brab\u00fasach go dt\u00ed an l\u00e1 inniu ar na C\u00farsa\u00ed Gaeilge do dhalta\u00ed san aoisghr\u00fapa 10 \u2013 18 mbliana d\u2019aois agus freisin do Mh\u00fainteoir\u00ed faoi Oili\u00faint agus d\u2019Iarch\u00e9imithe faoi Oili\u00faint.<\/p>\n\n\n\n<p>\u00d3 thaobh a rann\u00edoca\u00edochta lean\u00fana\u00ed don m\u00f3rphobal, gineann Col\u00e1ist\u00ed Chorca Dhuibhne ioncam os cionn 2m in aghaidh na bliana don gceantar agus nuair a chuirtear an t-iolraitheoir cu\u00ed i bhfeidhm ar an ioncam d\u00edreach, is f\u00e9idir a r\u00e1 gur fi\u00fa 4.5m an t-ioncam seo sa r\u00e9igi\u00fan in aghaidh na bliana don gceantar.<\/p>\n\n\n\n<p>Aithn\u00edtear go forleathan rath na gCol\u00e1ist\u00ed Gaeilge agus leathn\u00f3far an ghn\u00e9 seo tr\u00ed fhorbairt bhreise a dh\u00e9anamh.<\/p>\n\n\n\n<a class=\"gb-button gb-button-d30d4940 gb-button-text gb-button-primary\" href=\"https:\/\/www.colaiste.ie\/\" target=\"_blank\" rel=\"noopener noreferrer\">T\u00e9igh go dt\u00ed an su\u00edomh Gr\u00e9as\u00e1in<\/a>\n\n<\/div>\n<\/div><section class=\"gb-container gb-container-293a2755\">\n<div class=\"gb-container gb-container-0a905a87\">\n\n<h2 class=\"gb-headline gb-headline-46f9fb95\"><span class=\"gb-icon\"><svg xmlns=\"http:\/\/www.w3.org\/2000\/svg\" aria-hidden=\"true\" role=\"img\" height=\"1em\" width=\"1em\" viewbox=\"0 0 256 512\"><path fill=\"currentColor\" d=\"M224.3 273l-136 136c-9.4 9.4-24.6 9.4-33.9 0l-22.6-22.6c-9.4-9.4-9.4-24.6 0-33.9l96.4-96.4-96.4-96.4c-9.4-9.4-9.4-24.6 0-33.9L54.3 103c9.4-9.4 24.6-9.4 33.9 0l136 136c9.5 9.4 9.5 24.6.1 34z\"><\/path><\/svg><\/span><span class=\"gb-headline-text\">Comharchumann Forbartha Chorca Dhuibhne<\/span><\/h2>\n\n\n\n<h2 class=\"gb-headline gb-headline-400a09d2 gb-headline-text\">\u00c1r gCuideachta\u00ed<\/h2>\n\n\n<div class=\"gb-grid-wrapper gb-grid-wrapper-4bf95d93\">\n<div class=\"gb-grid-column gb-grid-column-836bab2a\"><div class=\"gb-container gb-container-836bab2a box-shadow\">\n\n<figure class=\"gb-block-image gb-block-image-5102f6c0\"><a href=\"https:\/\/www.cfcd.ie\/ga\/oidhreacht-chorca-dhuibhne\/\"><img loading=\"lazy\" decoding=\"async\" width=\"640\" height=\"427\" class=\"gb-image gb-image-5102f6c0\" src=\"https:\/\/www.cfcd.ie\/wp-content\/uploads\/2024\/01\/oid-banner.jpg\" alt=\"Oidhreacht Chorca Dhuibhne\" title=\"Oidhreacht Chorca Dhuibhne\" srcset=\"https:\/\/www.cfcd.ie\/wp-content\/uploads\/2024\/01\/oid-banner.jpg 640w, https:\/\/www.cfcd.ie\/wp-content\/uploads\/2024\/01\/oid-banner-300x200.jpg 300w\" sizes=\"auto, (max-width: 640px) 100vw, 640px\" \/><\/a><\/figure>\n\n\n\n<h3 class=\"gb-headline gb-headline-92c40df5 gb-headline-text\">Oidhreacht Chorca Dhuibhne<\/h3>\n\n\n\n<p class=\"gb-headline gb-headline-11bdeb02 gb-headline-text\">Cuid\u00edonn Oidhreacht Chorca Dhuibhne tr\u00edna ghn\u00edomha\u00edochta\u00ed, a fhoilseach\u00e1in agus a thionscadail \u00e9ags\u00fala, lena n-\u00e1ir\u00edtear m\u00fasaem r\u00e9igi\u00fanach, oidhreacht shaibhir teanga, seand\u00e1la\u00edochta agus chult\u00fartha Chorca Dhuibhne a cheili\u00faradh, a chur chun cinn agus a chothabh\u00e1il.<\/p>\n\n\n\n<a class=\"gb-button gb-button-bcffd33b gb-button-primary-center\" href=\"https:\/\/www.cfcd.ie\/ga\/oidhreacht-chorca-dhuibhne\/\"><span class=\"gb-button-text\">Tuilleadh<\/span><span class=\"gb-icon\"><svg xmlns=\"http:\/\/www.w3.org\/2000\/svg\" aria-hidden=\"true\" role=\"img\" height=\"1em\" width=\"1em\" viewbox=\"0 0 256 512\"><path fill=\"currentColor\" d=\"M224.3 273l-136 136c-9.4 9.4-24.6 9.4-33.9 0l-22.6-22.6c-9.4-9.4-9.4-24.6 0-33.9l96.4-96.4-96.4-96.4c-9.4-9.4-9.4-24.6 0-33.9L54.3 103c9.4-9.4 24.6-9.4 33.9 0l136 136c9.5 9.4 9.5 24.6.1 34z\"><\/path><\/svg><\/span><\/a>\n\n<\/div><\/div>\n\n<div class=\"gb-grid-column gb-grid-column-346e510c\"><div class=\"gb-container gb-container-346e510c box-shadow\">\n\n<figure class=\"gb-block-image gb-block-image-ff03d612\"><a href=\"https:\/\/www.cfcd.ie\/ga\/tobar-dhuibhne\/\"><img loading=\"lazy\" decoding=\"async\" width=\"640\" height=\"427\" class=\"gb-image gb-image-ff03d612\" src=\"https:\/\/www.cfcd.ie\/wp-content\/uploads\/2024\/02\/tobar.jpg\" alt=\"Tobar Dhuibhne\" title=\"tobar\" srcset=\"https:\/\/www.cfcd.ie\/wp-content\/uploads\/2024\/02\/tobar.jpg 640w, https:\/\/www.cfcd.ie\/wp-content\/uploads\/2024\/02\/tobar-300x200.jpg 300w\" sizes=\"auto, (max-width: 640px) 100vw, 640px\" \/><\/a><\/figure>\n\n\n\n<h3 class=\"gb-headline gb-headline-20501402 gb-headline-text\">Tobar Dhuibhne<\/h3>\n\n\n\n<p class=\"gb-headline gb-headline-32cbe97f gb-headline-text\">Is nuair a bh\u00edonn teanga \u00e1 tabhairt ar aghaidh sa bhaile amh\u00e1in a bhfuil seans \u00e9igin ann go mairfidh s\u00ed go fadt\u00e9armach. Seachas sin, d\u2019fh\u00e9adfadh iarrachta\u00ed eile chun an teanga a choth\u00fa in \u00e1it eile, m.sh. i scoileanna n\u00f3 eaglais, a bheith siombalach n\u00f3 searmanais den chuid is m\u00f3.<\/p>\n\n\n\n<a class=\"gb-button gb-button-d448abfa gb-button-primary-center\" href=\"https:\/\/www.cfcd.ie\/ga\/tobar-dhuibhne\/\"><span class=\"gb-button-text\">Tuilleadh<\/span><span class=\"gb-icon\"><svg xmlns=\"http:\/\/www.w3.org\/2000\/svg\" aria-hidden=\"true\" role=\"img\" height=\"1em\" width=\"1em\" viewbox=\"0 0 256 512\"><path fill=\"currentColor\" d=\"M224.3 273l-136 136c-9.4 9.4-24.6 9.4-33.9 0l-22.6-22.6c-9.4-9.4-9.4-24.6 0-33.9l96.4-96.4-96.4-96.4c-9.4-9.4-9.4-24.6 0-33.9L54.3 103c9.4-9.4 24.6-9.4 33.9 0l136 136c9.5 9.4 9.5 24.6.1 34z\"><\/path><\/svg><\/span><\/a>\n\n<\/div><\/div>\n\n<div class=\"gb-grid-column gb-grid-column-98dc1e4c\"><div class=\"gb-container gb-container-98dc1e4c box-shadow\">\n\n<figure class=\"gb-block-image gb-block-image-ee655a6f\"><a href=\"https:\/\/www.cfcd.ie\/ga\/colaisti-chorca-dhuibne\/\"><img loading=\"lazy\" decoding=\"async\" width=\"640\" height=\"427\" class=\"gb-image gb-image-ee655a6f\" src=\"https:\/\/www.cfcd.ie\/wp-content\/uploads\/2024\/01\/ccd-banner.jpg\" alt=\"Col\u00e1ist\u00ed Chorca Dhuibhne\" title=\"Col\u00e1ist\u00ed Chorca Dhuibhne\" srcset=\"https:\/\/www.cfcd.ie\/wp-content\/uploads\/2024\/01\/ccd-banner.jpg 640w, https:\/\/www.cfcd.ie\/wp-content\/uploads\/2024\/01\/ccd-banner-300x200.jpg 300w\" sizes=\"auto, (max-width: 640px) 100vw, 640px\" \/><\/a><\/figure>\n\n\n\n<h3 class=\"gb-headline gb-headline-dc7abb09 gb-headline-text\">Col\u00e1ist\u00ed Chorca Dhuibne<\/h3>\n\n\n\n<p class=\"gb-headline gb-headline-b784d577 gb-headline-text\">Is Col\u00e1iste Gaeilge i nGaeltacht an Daingin \u00e9 Col\u00e1ist\u00ed Chorca Dhuibne a chuireann c\u00farsa\u00ed Gaeilge ar f\u00e1il don aoisghr\u00fapa 12-18. T\u00e1 c\u00farsa\u00ed ar si\u00fal i gCeann Tr\u00e1, An Fheothanach, Lios P\u00f3il, An Mhuir\u00edoch agus Baile an Fheirt\u00e9araigh<\/p>\n\n\n\n<a class=\"gb-button gb-button-ef602374 gb-button-primary-center\" href=\"https:\/\/www.cfcd.ie\/ga\/colaisti-chorca-dhuibne\/\"><span class=\"gb-button-text\">Tuilleadh<\/span><span class=\"gb-icon\"><svg xmlns=\"http:\/\/www.w3.org\/2000\/svg\" aria-hidden=\"true\" role=\"img\" height=\"1em\" width=\"1em\" viewbox=\"0 0 256 512\"><path fill=\"currentColor\" d=\"M224.3 273l-136 136c-9.4 9.4-24.6 9.4-33.9 0l-22.6-22.6c-9.4-9.4-9.4-24.6 0-33.9l96.4-96.4-96.4-96.4c-9.4-9.4-9.4-24.6 0-33.9L54.3 103c9.4-9.4 24.6-9.4 33.9 0l136 136c9.5 9.4 9.5 24.6.1 34z\"><\/path><\/svg><\/span><\/a>\n\n<\/div><\/div>\n\n<div class=\"gb-grid-column gb-grid-column-c345514b\"><div class=\"gb-container gb-container-c345514b box-shadow\">\n\n<figure class=\"gb-block-image gb-block-image-de23ee51\"><a href=\"https:\/\/www.cfcd.ie\/ga\/musaem-chorca-dhuibhne\/\"><img loading=\"lazy\" decoding=\"async\" width=\"640\" height=\"427\" class=\"gb-image gb-image-de23ee51\" src=\"https:\/\/www.cfcd.ie\/wp-content\/uploads\/2024\/01\/wkm-banner.jpg\" alt=\"M\u00fasaem Chorca Dhuibhne\" title=\"M\u00fasaem Chorca Dhuibhne\" srcset=\"https:\/\/www.cfcd.ie\/wp-content\/uploads\/2024\/01\/wkm-banner.jpg 640w, https:\/\/www.cfcd.ie\/wp-content\/uploads\/2024\/01\/wkm-banner-300x200.jpg 300w\" sizes=\"auto, (max-width: 640px) 100vw, 640px\" \/><\/a><\/figure>\n\n\n\n<h3 class=\"gb-headline gb-headline-eed90626 gb-headline-text\">M\u00fasaem Chorca Dhuibhne<\/h3>\n\n\n\n<p class=\"gb-headline gb-headline-c0db1ccb gb-headline-text\">Bail\u00edonn agus cosna\u00edonn M\u00fasaem Chorca Dhuibhne r\u00e9imse \u00e1bhar agus sonra\u00ed a bhaineann le hoidhreacht shaibhir n\u00e1d\u00fartha agus chult\u00fartha Leithinis an Daingin, agus d\u00e9anann s\u00e9 a dh\u00edcheall oideachas, siamsa\u00edocht agus l\u00e9argas a thabhairt do gach cuairteoir.<\/p>\n\n\n\n<a class=\"gb-button gb-button-edb9da20 gb-button-primary-center\" href=\"https:\/\/www.cfcd.ie\/ga\/musaem-chorca-dhuibhne\/\"><span class=\"gb-button-text\">Tuilleadh<\/span><span class=\"gb-icon\"><svg xmlns=\"http:\/\/www.w3.org\/2000\/svg\" aria-hidden=\"true\" role=\"img\" height=\"1em\" width=\"1em\" viewbox=\"0 0 256 512\"><path fill=\"currentColor\" d=\"M224.3 273l-136 136c-9.4 9.4-24.6 9.4-33.9 0l-22.6-22.6c-9.4-9.4-9.4-24.6 0-33.9l96.4-96.4-96.4-96.4c-9.4-9.4-9.4-24.6 0-33.9L54.3 103c9.4-9.4 24.6-9.4 33.9 0l136 136c9.5 9.4 9.5 24.6.1 34z\"><\/path><\/svg><\/span><\/a>\n\n<\/div><\/div>\n\n<div class=\"gb-grid-column gb-grid-column-346e510c\"><div class=\"gb-container gb-container-346e510c box-shadow\">\n\n<figure class=\"gb-block-image gb-block-image-ff03d612\"><a href=\"https:\/\/www.cfcd.ie\/ga\/south-west-gno-skillnet\/\"><img loading=\"lazy\" decoding=\"async\" width=\"640\" height=\"427\" class=\"gb-image gb-image-ff03d612\" src=\"https:\/\/www.cfcd.ie\/wp-content\/uploads\/2024\/01\/swg-banner.jpg\" alt=\"Sout West Gno Skillnet\" title=\"Sout West Gno Skillnet\" srcset=\"https:\/\/www.cfcd.ie\/wp-content\/uploads\/2024\/01\/swg-banner.jpg 640w, https:\/\/www.cfcd.ie\/wp-content\/uploads\/2024\/01\/swg-banner-300x200.jpg 300w\" sizes=\"auto, (max-width: 640px) 100vw, 640px\" \/><\/a><\/figure>\n\n\n\n<h3 class=\"gb-headline gb-headline-20501402 gb-headline-text\">South West Gn\u00f3 Skillnet<\/h3>\n\n\n\n<p class=\"gb-headline gb-headline-32cbe97f gb-headline-text\">Is gr\u00e9as\u00e1n oili\u00fana agus foghlama uath\u00fail \u00e9 South West Gn\u00f3 Skillnet a fheabhsa\u00edonn ioma\u00edochas ioml\u00e1n a bhallchomhlachta\u00ed san Iardheisceart agus sna Gaeltachta\u00ed.<\/p>\n\n\n\n<a class=\"gb-button gb-button-d448abfa gb-button-primary-center\" href=\"https:\/\/www.cfcd.ie\/ga\/south-west-gno-skillnet\/\"><span class=\"gb-button-text\">Tuilleadh<\/span><span class=\"gb-icon\"><svg xmlns=\"http:\/\/www.w3.org\/2000\/svg\" aria-hidden=\"true\" role=\"img\" height=\"1em\" width=\"1em\" viewbox=\"0 0 256 512\"><path fill=\"currentColor\" d=\"M224.3 273l-136 136c-9.4 9.4-24.6 9.4-33.9 0l-22.6-22.6c-9.4-9.4-9.4-24.6 0-33.9l96.4-96.4-96.4-96.4c-9.4-9.4-9.4-24.6 0-33.9L54.3 103c9.4-9.4 24.6-9.4 33.9 0l136 136c9.5 9.4 9.5 24.6.1 34z\"><\/path><\/svg><\/span><\/a>\n\n<\/div><\/div>\n<\/div>\n<\/div>\n<\/section>","protected":false},"excerpt":{"rendered":"<p>Is comhlacht cobhsa\u00ed airgeadais \u00e9 Col\u00e1ist\u00ed Chorca Dhuibhne at\u00e1 bainistithe go maith agus a ghineann gn\u00edomha\u00edocht eacnama\u00edoch tr\u00ed Ch\u00farsa\u00ed Gaeilge a chur chun cinn. Leanann Col\u00e1ist\u00ed Chorca Dhuibhne ag feidhmi\u00fa go brab\u00fasach go dt\u00ed an l\u00e1 inniu ar na C\u00farsa\u00ed Gaeilge do dhalta\u00ed san aoisghr\u00fapa 10 \u2013 18 mbliana d\u2019aois agus freisin do Mh\u00fainteoir\u00ed faoi &#8230; <a title=\"Col\u00e1ist\u00ed Chorca Dhuibne\" class=\"read-more\" href=\"https:\/\/www.cfcd.ie\/ga\/colaisti-chorca-dhuibne\/\" aria-label=\"Read more about Col\u00e1ist\u00ed Chorca Dhuibne\">Read more<\/a><\/p>\n","protected":false},"author":2,"featured_media":35976,"parent":0,"menu_order":0,"comment_status":"closed","ping_status":"closed","template":"","meta":{"_acf_changed":false,"footnotes":""},"class_list":["post-36038","page","type-page","status-publish","has-post-thumbnail"],"acf":[],"yoast_head":"<!-- This site is optimized with the Yoast SEO plugin v27.5 - https:\/\/yoast.com\/product\/yoast-seo-wordpress\/ -->\n<title>Col\u00e1ist\u00ed Chorca Dhuibne - CFCD: Comharchumann Forbartha Chorca Dhuibhne<\/title>\n<meta name=\"robots\" content=\"index, follow, max-snippet:-1, max-image-preview:large, max-video-preview:-1\" \/>\n<link rel=\"canonical\" href=\"https:\/\/www.cfcd.ie\/ga\/colaisti-chorca-dhuibne\/\" \/>\n<meta property=\"og:locale\" content=\"ga_IE\" \/>\n<meta property=\"og:type\" content=\"article\" \/>\n<meta property=\"og:title\" content=\"Col\u00e1ist\u00ed Chorca Dhuibne - CFCD: Comharchumann Forbartha Chorca Dhuibhne\" \/>\n<meta property=\"og:description\" content=\"Is comhlacht cobhsa\u00ed airgeadais \u00e9 Col\u00e1ist\u00ed Chorca Dhuibhne at\u00e1 bainistithe go maith agus a ghineann gn\u00edomha\u00edocht eacnama\u00edoch tr\u00ed Ch\u00farsa\u00ed Gaeilge a chur chun cinn. Leanann Col\u00e1ist\u00ed Chorca Dhuibhne ag feidhmi\u00fa go brab\u00fasach go dt\u00ed an l\u00e1 inniu ar na C\u00farsa\u00ed Gaeilge do dhalta\u00ed san aoisghr\u00fapa 10 \u2013 18 mbliana d\u2019aois agus freisin do Mh\u00fainteoir\u00ed faoi ... Read more\" \/>\n<meta property=\"og:url\" content=\"https:\/\/www.cfcd.ie\/ga\/colaisti-chorca-dhuibne\/\" \/>\n<meta property=\"og:site_name\" content=\"CFCD: Comharchumann Forbartha Chorca Dhuibhne\" \/>\n<meta property=\"article:modified_time\" content=\"2024-03-25T12:55:38+00:00\" \/>\n<meta property=\"og:image\" content=\"https:\/\/www.cfcd.ie\/wp-content\/uploads\/2024\/01\/colaiste-banner-1.jpg\" \/>\n\t<meta property=\"og:image:width\" content=\"1000\" \/>\n\t<meta property=\"og:image:height\" content=\"379\" \/>\n\t<meta property=\"og:image:type\" content=\"image\/jpeg\" \/>\n<meta name=\"twitter:card\" content=\"summary_large_image\" \/>\n<meta name=\"twitter:label1\" content=\"Est. reading time\" \/>\n\t<meta name=\"twitter:data1\" content=\"1 minute\" \/>\n<script type=\"application\/ld+json\" class=\"yoast-schema-graph\">{\"@context\":\"https:\\\/\\\/schema.org\",\"@graph\":[{\"@type\":\"WebPage\",\"@id\":\"https:\\\/\\\/www.cfcd.ie\\\/ga\\\/colaisti-chorca-dhuibne\\\/\",\"url\":\"https:\\\/\\\/www.cfcd.ie\\\/ga\\\/colaisti-chorca-dhuibne\\\/\",\"name\":\"Col\u00e1ist\u00ed Chorca Dhuibne - CFCD: Comharchumann Forbartha Chorca Dhuibhne\",\"isPartOf\":{\"@id\":\"https:\\\/\\\/www.cfcd.ie\\\/ga\\\/#website\"},\"primaryImageOfPage\":{\"@id\":\"https:\\\/\\\/www.cfcd.ie\\\/ga\\\/colaisti-chorca-dhuibne\\\/#primaryimage\"},\"image\":{\"@id\":\"https:\\\/\\\/www.cfcd.ie\\\/ga\\\/colaisti-chorca-dhuibne\\\/#primaryimage\"},\"thumbnailUrl\":\"https:\\\/\\\/www.cfcd.ie\\\/wp-content\\\/uploads\\\/2024\\\/01\\\/colaiste-banner-1.jpg\",\"datePublished\":\"2024-01-15T09:24:57+00:00\",\"dateModified\":\"2024-03-25T12:55:38+00:00\",\"breadcrumb\":{\"@id\":\"https:\\\/\\\/www.cfcd.ie\\\/ga\\\/colaisti-chorca-dhuibne\\\/#breadcrumb\"},\"inLanguage\":\"ga-IE\",\"potentialAction\":[{\"@type\":\"ReadAction\",\"target\":[\"https:\\\/\\\/www.cfcd.ie\\\/ga\\\/colaisti-chorca-dhuibne\\\/\"]}]},{\"@type\":\"ImageObject\",\"inLanguage\":\"ga-IE\",\"@id\":\"https:\\\/\\\/www.cfcd.ie\\\/ga\\\/colaisti-chorca-dhuibne\\\/#primaryimage\",\"url\":\"https:\\\/\\\/www.cfcd.ie\\\/wp-content\\\/uploads\\\/2024\\\/01\\\/colaiste-banner-1.jpg\",\"contentUrl\":\"https:\\\/\\\/www.cfcd.ie\\\/wp-content\\\/uploads\\\/2024\\\/01\\\/colaiste-banner-1.jpg\",\"width\":1000,\"height\":379},{\"@type\":\"BreadcrumbList\",\"@id\":\"https:\\\/\\\/www.cfcd.ie\\\/ga\\\/colaisti-chorca-dhuibne\\\/#breadcrumb\",\"itemListElement\":[{\"@type\":\"ListItem\",\"position\":1,\"name\":\"Home\",\"item\":\"https:\\\/\\\/www.cfcd.ie\\\/ga\\\/\"},{\"@type\":\"ListItem\",\"position\":2,\"name\":\"Col\u00e1ist\u00ed Chorca Dhuibne\"}]},{\"@type\":\"WebSite\",\"@id\":\"https:\\\/\\\/www.cfcd.ie\\\/ga\\\/#website\",\"url\":\"https:\\\/\\\/www.cfcd.ie\\\/ga\\\/\",\"name\":\"CFCD: Comharchumann Forbartha Chorca Dhuibhne\",\"description\":\"Serving the Gaeltacht community on the Corca Dhuibhne Peninsula\",\"publisher\":{\"@id\":\"https:\\\/\\\/www.cfcd.ie\\\/ga\\\/#organization\"},\"potentialAction\":[{\"@type\":\"SearchAction\",\"target\":{\"@type\":\"EntryPoint\",\"urlTemplate\":\"https:\\\/\\\/www.cfcd.ie\\\/ga\\\/?s={search_term_string}\"},\"query-input\":{\"@type\":\"PropertyValueSpecification\",\"valueRequired\":true,\"valueName\":\"search_term_string\"}}],\"inLanguage\":\"ga-IE\"},{\"@type\":\"Organization\",\"@id\":\"https:\\\/\\\/www.cfcd.ie\\\/ga\\\/#organization\",\"name\":\"CFCD: Comharchumann Forbartha Chorca Dhuibhne\",\"url\":\"https:\\\/\\\/www.cfcd.ie\\\/ga\\\/\",\"logo\":{\"@type\":\"ImageObject\",\"inLanguage\":\"ga-IE\",\"@id\":\"https:\\\/\\\/www.cfcd.ie\\\/ga\\\/#\\\/schema\\\/logo\\\/image\\\/\",\"url\":\"https:\\\/\\\/www.cfcd.ie\\\/wp-content\\\/uploads\\\/2024\\\/01\\\/cfcd-logo.png\",\"contentUrl\":\"https:\\\/\\\/www.cfcd.ie\\\/wp-content\\\/uploads\\\/2024\\\/01\\\/cfcd-logo.png\",\"width\":600,\"height\":211,\"caption\":\"CFCD: Comharchumann Forbartha Chorca Dhuibhne\"},\"image\":{\"@id\":\"https:\\\/\\\/www.cfcd.ie\\\/ga\\\/#\\\/schema\\\/logo\\\/image\\\/\"}}]}<\/script>\n<!-- \/ Yoast SEO plugin. -->","yoast_head_json":{"title":"Col\u00e1ist\u00ed Chorca Dhuibne - CFCD: Comharchumann Forbartha Chorca Dhuibhne","robots":{"index":"index","follow":"follow","max-snippet":"max-snippet:-1","max-image-preview":"max-image-preview:large","max-video-preview":"max-video-preview:-1"},"canonical":"https:\/\/www.cfcd.ie\/ga\/colaisti-chorca-dhuibne\/","og_locale":"ga_IE","og_type":"article","og_title":"Col\u00e1ist\u00ed Chorca Dhuibne - CFCD: Comharchumann Forbartha Chorca Dhuibhne","og_description":"Is comhlacht cobhsa\u00ed airgeadais \u00e9 Col\u00e1ist\u00ed Chorca Dhuibhne at\u00e1 bainistithe go maith agus a ghineann gn\u00edomha\u00edocht eacnama\u00edoch tr\u00ed Ch\u00farsa\u00ed Gaeilge a chur chun cinn. Leanann Col\u00e1ist\u00ed Chorca Dhuibhne ag feidhmi\u00fa go brab\u00fasach go dt\u00ed an l\u00e1 inniu ar na C\u00farsa\u00ed Gaeilge do dhalta\u00ed san aoisghr\u00fapa 10 \u2013 18 mbliana d\u2019aois agus freisin do Mh\u00fainteoir\u00ed faoi ... Read more","og_url":"https:\/\/www.cfcd.ie\/ga\/colaisti-chorca-dhuibne\/","og_site_name":"CFCD: Comharchumann Forbartha Chorca Dhuibhne","article_modified_time":"2024-03-25T12:55:38+00:00","og_image":[{"width":1000,"height":379,"url":"https:\/\/www.cfcd.ie\/wp-content\/uploads\/2024\/01\/colaiste-banner-1.jpg","type":"image\/jpeg"}],"twitter_card":"summary_large_image","twitter_misc":{"Est. reading time":"1 minute"},"schema":{"@context":"https:\/\/schema.org","@graph":[{"@type":"WebPage","@id":"https:\/\/www.cfcd.ie\/ga\/colaisti-chorca-dhuibne\/","url":"https:\/\/www.cfcd.ie\/ga\/colaisti-chorca-dhuibne\/","name":"Col\u00e1ist\u00ed Chorca Dhuibne - CFCD: Comharchumann Forbartha Chorca Dhuibhne","isPartOf":{"@id":"https:\/\/www.cfcd.ie\/ga\/#website"},"primaryImageOfPage":{"@id":"https:\/\/www.cfcd.ie\/ga\/colaisti-chorca-dhuibne\/#primaryimage"},"image":{"@id":"https:\/\/www.cfcd.ie\/ga\/colaisti-chorca-dhuibne\/#primaryimage"},"thumbnailUrl":"https:\/\/www.cfcd.ie\/wp-content\/uploads\/2024\/01\/colaiste-banner-1.jpg","datePublished":"2024-01-15T09:24:57+00:00","dateModified":"2024-03-25T12:55:38+00:00","breadcrumb":{"@id":"https:\/\/www.cfcd.ie\/ga\/colaisti-chorca-dhuibne\/#breadcrumb"},"inLanguage":"ga-IE","potentialAction":[{"@type":"ReadAction","target":["https:\/\/www.cfcd.ie\/ga\/colaisti-chorca-dhuibne\/"]}]},{"@type":"ImageObject","inLanguage":"ga-IE","@id":"https:\/\/www.cfcd.ie\/ga\/colaisti-chorca-dhuibne\/#primaryimage","url":"https:\/\/www.cfcd.ie\/wp-content\/uploads\/2024\/01\/colaiste-banner-1.jpg","contentUrl":"https:\/\/www.cfcd.ie\/wp-content\/uploads\/2024\/01\/colaiste-banner-1.jpg","width":1000,"height":379},{"@type":"BreadcrumbList","@id":"https:\/\/www.cfcd.ie\/ga\/colaisti-chorca-dhuibne\/#breadcrumb","itemListElement":[{"@type":"ListItem","position":1,"name":"Home","item":"https:\/\/www.cfcd.ie\/ga\/"},{"@type":"ListItem","position":2,"name":"Col\u00e1ist\u00ed Chorca Dhuibne"}]},{"@type":"WebSite","@id":"https:\/\/www.cfcd.ie\/ga\/#website","url":"https:\/\/www.cfcd.ie\/ga\/","name":"CFCD: Comharchumann Forbartha Chorca Dhuibhne","description":"Serving the Gaeltacht community on the Corca Dhuibhne Peninsula","publisher":{"@id":"https:\/\/www.cfcd.ie\/ga\/#organization"},"potentialAction":[{"@type":"SearchAction","target":{"@type":"EntryPoint","urlTemplate":"https:\/\/www.cfcd.ie\/ga\/?s={search_term_string}"},"query-input":{"@type":"PropertyValueSpecification","valueRequired":true,"valueName":"search_term_string"}}],"inLanguage":"ga-IE"},{"@type":"Organization","@id":"https:\/\/www.cfcd.ie\/ga\/#organization","name":"CFCD: Comharchumann Forbartha Chorca Dhuibhne","url":"https:\/\/www.cfcd.ie\/ga\/","logo":{"@type":"ImageObject","inLanguage":"ga-IE","@id":"https:\/\/www.cfcd.ie\/ga\/#\/schema\/logo\/image\/","url":"https:\/\/www.cfcd.ie\/wp-content\/uploads\/2024\/01\/cfcd-logo.png","contentUrl":"https:\/\/www.cfcd.ie\/wp-content\/uploads\/2024\/01\/cfcd-logo.png","width":600,"height":211,"caption":"CFCD: Comharchumann Forbartha Chorca Dhuibhne"},"image":{"@id":"https:\/\/www.cfcd.ie\/ga\/#\/schema\/logo\/image\/"}}]}},"_links":{"self":[{"href":"https:\/\/www.cfcd.ie\/ga\/wp-json\/wp\/v2\/pages\/36038","targetHints":{"allow":["GET"]}}],"collection":[{"href":"https:\/\/www.cfcd.ie\/ga\/wp-json\/wp\/v2\/pages"}],"about":[{"href":"https:\/\/www.cfcd.ie\/ga\/wp-json\/wp\/v2\/types\/page"}],"author":[{"embeddable":true,"href":"https:\/\/www.cfcd.ie\/ga\/wp-json\/wp\/v2\/users\/2"}],"replies":[{"embeddable":true,"href":"https:\/\/www.cfcd.ie\/ga\/wp-json\/wp\/v2\/comments?post=36038"}],"version-history":[{"count":2,"href":"https:\/\/www.cfcd.ie\/ga\/wp-json\/wp\/v2\/pages\/36038\/revisions"}],"predecessor-version":[{"id":36198,"href":"https:\/\/www.cfcd.ie\/ga\/wp-json\/wp\/v2\/pages\/36038\/revisions\/36198"}],"wp:featuredmedia":[{"embeddable":true,"href":"https:\/\/www.cfcd.ie\/ga\/wp-json\/wp\/v2\/media\/35976"}],"wp:attachment":[{"href":"https:\/\/www.cfcd.ie\/ga\/wp-json\/wp\/v2\/media?parent=36038"}],"curies":[{"name":"wp","href":"https:\/\/api.w.org\/{rel}","templated":true}]}}